{"id":5298,"date":"2024-04-25T19:59:32","date_gmt":"2024-04-25T19:59:32","guid":{"rendered":"https:\/\/jugendblaskapelle-parkstein.de\/?page_id=5298"},"modified":"2024-06-23T20:04:44","modified_gmt":"2024-06-23T20:04:44","slug":"elementor-5298","status":"publish","type":"page","link":"https:\/\/jugendblaskapelle-parkstein.de\/index.php\/elementor-5298\/","title":{"rendered":"Ensemblearbeit"},"content":{"rendered":"\t\t<div data-elementor-type=\"wp-page\" data-elementor-id=\"5298\" class=\"elementor elementor-5298\">\n\t\t\t\t<div class=\"elementor-element elementor-element-d3500ce e-flex e-con-boxed e-con e-parent\" data-id=\"d3500ce\" data-element_type=\"container\">\n\t\t\t\t\t<div class=\"e-con-inner\">\n\t\t\t\t<div class=\"elementor-element elementor-element-b048a77 elementor-widget elementor-widget-heading\" data-id=\"b048a77\" data-element_type=\"widget\" data-widget_type=\"heading.default\">\n\t\t\t\t<div class=\"elementor-widget-container\">\n\t\t\t<h1 class=\"elementor-heading-title elementor-size-default\">Ensemblearbeit<\/h1>\t\t<\/div>\n\t\t\t\t<\/div>\n\t\t\t\t<div class=\"elementor-element elementor-element-c318663 elementor-widget elementor-widget-text-editor\" data-id=\"c318663\" data-element_type=\"widget\" data-widget_type=\"text-editor.default\">\n\t\t\t\t<div class=\"elementor-widget-container\">\n\t\t\t\t\t\t\t<p>Neben der Arbeit im Gro\u00dfen Orchester, der Jugendblaskapelle, f\u00f6rdert der Verein auch das Musizieren im kleineren Ensembles.<\/p><p>Die Ensembles sind bei besonderen Anl\u00e4ssen (kirchliche Trauungen, Neujahrsanschie\u00dfen, usw.) aktiv und werden bei Bedarf zusammengestellt.<\/p>\t\t\t\t\t\t<\/div>\n\t\t\t\t<\/div>\n\t\t\t\t<div class=\"elementor-element elementor-element-2c7a9f2 elementor-widget-divider--view-line elementor-widget elementor-widget-divider\" data-id=\"2c7a9f2\" data-element_type=\"widget\" data-widget_type=\"divider.default\">\n\t\t\t\t<div class=\"elementor-widget-container\">\n\t\t\t\t\t<div class=\"elementor-divider\">\n\t\t\t<span class=\"elementor-divider-separator\">\n\t\t\t\t\t\t<\/span>\n\t\t<\/div>\n\t\t\t\t<\/div>\n\t\t\t\t<\/div>\n\t\t\t\t\t<\/div>\n\t\t\t\t<\/div>\n\t\t<div class=\"elementor-element elementor-element-1c95386 e-flex e-con-boxed e-con e-parent\" data-id=\"1c95386\" data-element_type=\"container\">\n\t\t\t\t\t<div class=\"e-con-inner\">\n\t\t<div class=\"elementor-element elementor-element-58e8770 e-con-full e-flex e-con e-child\" data-id=\"58e8770\" data-element_type=\"container\">\n\t\t\t\t<div class=\"elementor-element elementor-element-ecd7de7 elementor-widget elementor-widget-heading\" data-id=\"ecd7de7\" data-element_type=\"widget\" data-widget_type=\"heading.default\">\n\t\t\t\t<div class=\"elementor-widget-container\">\n\t\t\t<h2 class=\"elementor-heading-title elementor-size-default\">Bl\u00e4serensemble<\/h2>\t\t<\/div>\n\t\t\t\t<\/div>\n\t\t\t\t<div class=\"elementor-element elementor-element-bfff5b0 elementor-widget elementor-widget-text-editor\" data-id=\"bfff5b0\" data-element_type=\"widget\" data-widget_type=\"text-editor.default\">\n\t\t\t\t<div class=\"elementor-widget-container\">\n\t\t\t\t\t\t\t<p>Einige Blechbl\u00e4ser aus dem Kreis der JBK Parkstein treten &#8211; meist zu kirchlichen Anl\u00e4ssen &#8211; in unterschiedlichen Besetzungen auf: Mal mit zwei oder drei Trompeten, mal als Blechbl\u00e4ser-Quintett, Sextett oder Nonett. Oft werden sie dabei von Orgel und Pauken unterst\u00fctzt.<\/p>\t\t\t\t\t\t<\/div>\n\t\t\t\t<\/div>\n\t\t\t\t<\/div>\n\t\t<div class=\"elementor-element elementor-element-c371bb2 e-con-full e-flex e-con e-child\" data-id=\"c371bb2\" data-element_type=\"container\">\n\t\t\t\t<div class=\"elementor-element elementor-element-ec11492 elementor-widget elementor-widget-image\" data-id=\"ec11492\" data-element_type=\"widget\" data-widget_type=\"image.default\">\n\t\t\t\t<div class=\"elementor-widget-container\">\n\t\t\t\t\t\t\t\t\t\t<figure class=\"wp-caption\">\n\t\t\t\t\t\t\t\t\t\t\t<a href=\"https:\/\/jugendblaskapelle-parkstein.de\/wp-content\/uploads\/2024\/06\/IMG_9295_1-scaled.jpg\" data-elementor-open-lightbox=\"yes\" data-elementor-lightbox-title=\"IMG_9295_1\" data-e-action-hash=\"#elementor-action%3Aaction%3Dlightbox%26settings%3DeyJpZCI6NTU4MSwidXJsIjoiaHR0cHM6XC9cL2p1Z2VuZGJsYXNrYXBlbGxlLXBhcmtzdGVpbi5kZVwvd3AtY29udGVudFwvdXBsb2Fkc1wvMjAyNFwvMDZcL0lNR185Mjk1XzEtc2NhbGVkLmpwZyJ9\">\n\t\t\t\t\t\t\t<img fetchpriority=\"high\" decoding=\"async\" width=\"640\" height=\"427\" src=\"https:\/\/jugendblaskapelle-parkstein.de\/wp-content\/uploads\/2024\/06\/IMG_9295_1-1024x683.jpg\" class=\"attachment-large size-large wp-image-5581\" alt=\"\" srcset=\"https:\/\/jugendblaskapelle-parkstein.de\/wp-content\/uploads\/2024\/06\/IMG_9295_1-1024x683.jpg 1024w, https:\/\/jugendblaskapelle-parkstein.de\/wp-content\/uploads\/2024\/06\/IMG_9295_1-300x200.jpg 300w, https:\/\/jugendblaskapelle-parkstein.de\/wp-content\/uploads\/2024\/06\/IMG_9295_1-768x512.jpg 768w, https:\/\/jugendblaskapelle-parkstein.de\/wp-content\/uploads\/2024\/06\/IMG_9295_1-1536x1024.jpg 1536w, https:\/\/jugendblaskapelle-parkstein.de\/wp-content\/uploads\/2024\/06\/IMG_9295_1-2048x1366.jpg 2048w, https:\/\/jugendblaskapelle-parkstein.de\/wp-content\/uploads\/2024\/06\/IMG_9295_1-1127x751.jpg 1127w\" sizes=\"(max-width: 640px) 100vw, 640px\" \/>\t\t\t\t\t\t\t\t<\/a>\n\t\t\t\t\t\t\t\t\t\t\t<figcaption class=\"widget-image-caption wp-caption-text\">Gro\u00dfes Blechbl\u00e4serensemble<\/figcaption>\n\t\t\t\t\t\t\t\t\t\t<\/figure>\n\t\t\t\t\t\t\t<\/div>\n\t\t\t\t<\/div>\n\t\t\t\t<\/div>\n\t\t\t\t\t<\/div>\n\t\t\t\t<\/div>\n\t\t<div class=\"elementor-element elementor-element-90e2882 e-flex e-con-boxed e-con e-parent\" data-id=\"90e2882\" data-element_type=\"container\">\n\t\t\t\t\t<div class=\"e-con-inner\">\n\t\t\t\t<div class=\"elementor-element elementor-element-41cd321 elementor-widget-divider--view-line elementor-widget elementor-widget-divider\" data-id=\"41cd321\" data-element_type=\"widget\" data-widget_type=\"divider.default\">\n\t\t\t\t<div class=\"elementor-widget-container\">\n\t\t\t\t\t<div class=\"elementor-divider\">\n\t\t\t<span class=\"elementor-divider-separator\">\n\t\t\t\t\t\t<\/span>\n\t\t<\/div>\n\t\t\t\t<\/div>\n\t\t\t\t<\/div>\n\t\t\t\t\t<\/div>\n\t\t\t\t<\/div>\n\t\t<div class=\"elementor-element elementor-element-0012611 e-flex e-con-boxed e-con e-parent\" data-id=\"0012611\" data-element_type=\"container\">\n\t\t\t\t\t<div class=\"e-con-inner\">\n\t\t<div class=\"elementor-element elementor-element-48d73c1 e-con-full e-flex e-con e-child\" data-id=\"48d73c1\" data-element_type=\"container\">\n\t\t\t\t<div class=\"elementor-element elementor-element-4f91826 elementor-widget elementor-widget-image\" data-id=\"4f91826\" data-element_type=\"widget\" data-widget_type=\"image.default\">\n\t\t\t\t<div class=\"elementor-widget-container\">\n\t\t\t\t\t\t\t\t\t\t<figure class=\"wp-caption\">\n\t\t\t\t\t\t\t\t\t\t\t<a href=\"https:\/\/jugendblaskapelle-parkstein.de\/wp-content\/uploads\/2024\/04\/DSC_1443.jpg\" data-elementor-open-lightbox=\"yes\" data-elementor-lightbox-title=\"DSC_1443\" data-e-action-hash=\"#elementor-action%3Aaction%3Dlightbox%26settings%3DeyJpZCI6NTMwMCwidXJsIjoiaHR0cHM6XC9cL2p1Z2VuZGJsYXNrYXBlbGxlLXBhcmtzdGVpbi5kZVwvd3AtY29udGVudFwvdXBsb2Fkc1wvMjAyNFwvMDRcL0RTQ18xNDQzLmpwZyJ9\">\n\t\t\t\t\t\t\t<img decoding=\"async\" width=\"640\" height=\"428\" src=\"https:\/\/jugendblaskapelle-parkstein.de\/wp-content\/uploads\/2024\/04\/DSC_1443-1024x684.jpg\" class=\"attachment-large size-large wp-image-5300\" alt=\"\" srcset=\"https:\/\/jugendblaskapelle-parkstein.de\/wp-content\/uploads\/2024\/04\/DSC_1443-1024x684.jpg 1024w, https:\/\/jugendblaskapelle-parkstein.de\/wp-content\/uploads\/2024\/04\/DSC_1443-300x200.jpg 300w, https:\/\/jugendblaskapelle-parkstein.de\/wp-content\/uploads\/2024\/04\/DSC_1443-768x513.jpg 768w, https:\/\/jugendblaskapelle-parkstein.de\/wp-content\/uploads\/2024\/04\/DSC_1443-1536x1025.jpg 1536w, https:\/\/jugendblaskapelle-parkstein.de\/wp-content\/uploads\/2024\/04\/DSC_1443-2048x1367.jpg 2048w\" sizes=\"(max-width: 640px) 100vw, 640px\" \/>\t\t\t\t\t\t\t\t<\/a>\n\t\t\t\t\t\t\t\t\t\t\t<figcaption class=\"widget-image-caption wp-caption-text\">Nachwuchsensemble<\/figcaption>\n\t\t\t\t\t\t\t\t\t\t<\/figure>\n\t\t\t\t\t\t\t<\/div>\n\t\t\t\t<\/div>\n\t\t\t\t<\/div>\n\t\t<div class=\"elementor-element elementor-element-e2e7d35 e-con-full e-flex e-con e-child\" data-id=\"e2e7d35\" data-element_type=\"container\">\n\t\t\t\t<div class=\"elementor-element elementor-element-b9d30bc elementor-widget elementor-widget-heading\" data-id=\"b9d30bc\" data-element_type=\"widget\" data-widget_type=\"heading.default\">\n\t\t\t\t<div class=\"elementor-widget-container\">\n\t\t\t<h2 class=\"elementor-heading-title elementor-size-default\">Nachwuchsensemble<\/h2>\t\t<\/div>\n\t\t\t\t<\/div>\n\t\t\t\t<div class=\"elementor-element elementor-element-38e3c34 elementor-widget elementor-widget-text-editor\" data-id=\"38e3c34\" data-element_type=\"widget\" data-widget_type=\"text-editor.default\">\n\t\t\t\t<div class=\"elementor-widget-container\">\n\t\t\t\t\t\t\t<p><span style=\"color: #333333; font-family: Roboto, sans-serif;\">Gewiss ist das \u00dcben daheim &#8220;im stillen K\u00e4mmerlein&#8221; eine wichtige und eine unabdingbare Voraussetzung f\u00fcr den eigenen musikalischen Erfolg. Doch so richtig Spa\u00df macht den jungen Musikerinnen und Musikern in der Regel das Musizieren im Ensemble.<\/span><\/p><p><span style=\"color: #333333; font-family: Roboto, sans-serif;\">Sobald die jungen Musikerinnen und Musiker ein gewisses Niveau in der musikalischen Ausbildung erreicht haben, werden sie in das Hauptorchester, die <a href=\"https:\/\/jugendblaskapelle-parkstein.de\/index.php\/jugendblaskapelle\/\">Jugendblaskapelle<\/a> integriert.<\/span><\/p><p><span style=\"color: #333333; font-family: Roboto, sans-serif;\">Das eigene K\u00f6nnen wird auch regelm\u00e4\u00dfig auf Vorspielnachmittagen oder -abenden unter Beweis gestellt.<\/span><\/p>\t\t\t\t\t\t<\/div>\n\t\t\t\t<\/div>\n\t\t\t\t<\/div>\n\t\t\t\t\t<\/div>\n\t\t\t\t<\/div>\n\t\t<div class=\"elementor-element elementor-element-a842eb0 e-flex e-con-boxed e-con e-parent\" data-id=\"a842eb0\" data-element_type=\"container\">\n\t\t\t\t\t<div class=\"e-con-inner\">\n\t\t\t\t<div class=\"elementor-element elementor-element-b8aa2eb elementor-widget-divider--view-line elementor-widget elementor-widget-divider\" data-id=\"b8aa2eb\" data-element_type=\"widget\" data-widget_type=\"divider.default\">\n\t\t\t\t<div class=\"elementor-widget-container\">\n\t\t\t\t\t<div class=\"elementor-divider\">\n\t\t\t<span class=\"elementor-divider-separator\">\n\t\t\t\t\t\t<\/span>\n\t\t<\/div>\n\t\t\t\t<\/div>\n\t\t\t\t<\/div>\n\t\t\t\t\t<\/div>\n\t\t\t\t<\/div>\n\t\t<div class=\"elementor-element elementor-element-a462f4a e-flex e-con-boxed e-con e-parent\" data-id=\"a462f4a\" data-element_type=\"container\">\n\t\t\t\t\t<div class=\"e-con-inner\">\n\t\t<div class=\"elementor-element elementor-element-729e69f e-con-full e-flex e-con e-child\" data-id=\"729e69f\" data-element_type=\"container\">\n\t\t\t\t<div class=\"elementor-element elementor-element-cd738d1 elementor-widget elementor-widget-heading\" data-id=\"cd738d1\" data-element_type=\"widget\" data-widget_type=\"heading.default\">\n\t\t\t\t<div class=\"elementor-widget-container\">\n\t\t\t<h2 class=\"elementor-heading-title elementor-size-default\">Sitzweil Musikanten<\/h2>\t\t<\/div>\n\t\t\t\t<\/div>\n\t\t\t\t<div class=\"elementor-element elementor-element-58c5830 elementor-widget elementor-widget-text-editor\" data-id=\"58c5830\" data-element_type=\"widget\" data-widget_type=\"text-editor.default\">\n\t\t\t\t<div class=\"elementor-widget-container\">\n\t\t\t\t\t\t\t<p>Die Sitzweil Musikanten verschreiben sich als 4er-Besetzung (Tenorhorn, Fl\u00fcgelhorn, Akkordeon und Tuba) der Wirtshausmusik.\u00a0<\/p><p><strong>Mitglieder:<\/strong><\/p><ul><li>Alfons Steiner (Tenorhorn)<\/li><li>Stefan Bodenmeier (Fl\u00fcgelhorn)<\/li><li>Andreas B\u00e4umler (Akkordeon)<\/li><li>Patrick Treml (Tuba)<\/li><\/ul>\t\t\t\t\t\t<\/div>\n\t\t\t\t<\/div>\n\t\t\t\t<\/div>\n\t\t<div class=\"elementor-element elementor-element-2ae9886 e-con-full e-flex e-con e-child\" data-id=\"2ae9886\" data-element_type=\"container\">\n\t\t\t\t<div class=\"elementor-element elementor-element-f10135a elementor-widget elementor-widget-image\" data-id=\"f10135a\" data-element_type=\"widget\" data-widget_type=\"image.default\">\n\t\t\t\t<div class=\"elementor-widget-container\">\n\t\t\t\t\t\t\t\t\t\t<figure class=\"wp-caption\">\n\t\t\t\t\t\t\t\t\t\t\t<a href=\"https:\/\/jugendblaskapelle-parkstein.de\/wp-content\/uploads\/2024\/04\/1f14523c-2aa7-4bab-a614-74ec1bcc7da0.jpg\" data-elementor-open-lightbox=\"yes\" data-elementor-lightbox-title=\"1f14523c-2aa7-4bab-a614-74ec1bcc7da0\" data-e-action-hash=\"#elementor-action%3Aaction%3Dlightbox%26settings%3DeyJpZCI6NTMwMSwidXJsIjoiaHR0cHM6XC9cL2p1Z2VuZGJsYXNrYXBlbGxlLXBhcmtzdGVpbi5kZVwvd3AtY29udGVudFwvdXBsb2Fkc1wvMjAyNFwvMDRcLzFmMTQ1MjNjLTJhYTctNGJhYi1hNjE0LTc0ZWMxYmNjN2RhMC5qcGcifQ%3D%3D\">\n\t\t\t\t\t\t\t<img decoding=\"async\" width=\"640\" height=\"480\" src=\"https:\/\/jugendblaskapelle-parkstein.de\/wp-content\/uploads\/2024\/04\/1f14523c-2aa7-4bab-a614-74ec1bcc7da0-1024x768.jpg\" class=\"attachment-large size-large wp-image-5301\" alt=\"\" srcset=\"https:\/\/jugendblaskapelle-parkstein.de\/wp-content\/uploads\/2024\/04\/1f14523c-2aa7-4bab-a614-74ec1bcc7da0-1024x768.jpg 1024w, https:\/\/jugendblaskapelle-parkstein.de\/wp-content\/uploads\/2024\/04\/1f14523c-2aa7-4bab-a614-74ec1bcc7da0-300x225.jpg 300w, https:\/\/jugendblaskapelle-parkstein.de\/wp-content\/uploads\/2024\/04\/1f14523c-2aa7-4bab-a614-74ec1bcc7da0-768x576.jpg 768w, https:\/\/jugendblaskapelle-parkstein.de\/wp-content\/uploads\/2024\/04\/1f14523c-2aa7-4bab-a614-74ec1bcc7da0-1536x1152.jpg 1536w, https:\/\/jugendblaskapelle-parkstein.de\/wp-content\/uploads\/2024\/04\/1f14523c-2aa7-4bab-a614-74ec1bcc7da0-770x576.jpg 770w, https:\/\/jugendblaskapelle-parkstein.de\/wp-content\/uploads\/2024\/04\/1f14523c-2aa7-4bab-a614-74ec1bcc7da0.jpg 1600w\" sizes=\"(max-width: 640px) 100vw, 640px\" \/>\t\t\t\t\t\t\t\t<\/a>\n\t\t\t\t\t\t\t\t\t\t\t<figcaption class=\"widget-image-caption wp-caption-text\">Sitzweil Musikanten<\/figcaption>\n\t\t\t\t\t\t\t\t\t\t<\/figure>\n\t\t\t\t\t\t\t<\/div>\n\t\t\t\t<\/div>\n\t\t\t\t<\/div>\n\t\t\t\t\t<\/div>\n\t\t\t\t<\/div>\n\t\t<div class=\"elementor-element elementor-element-9f19f49 e-flex e-con-boxed e-con e-parent\" data-id=\"9f19f49\" data-element_type=\"container\">\n\t\t\t\t\t<div class=\"e-con-inner\">\n\t\t\t\t<div class=\"elementor-element elementor-element-393c582 elementor-widget-divider--view-line elementor-widget elementor-widget-divider\" data-id=\"393c582\" data-element_type=\"widget\" data-widget_type=\"divider.default\">\n\t\t\t\t<div class=\"elementor-widget-container\">\n\t\t\t\t\t<div class=\"elementor-divider\">\n\t\t\t<span class=\"elementor-divider-separator\">\n\t\t\t\t\t\t<\/span>\n\t\t<\/div>\n\t\t\t\t<\/div>\n\t\t\t\t<\/div>\n\t\t\t\t\t<\/div>\n\t\t\t\t<\/div>\n\t\t<div class=\"elementor-element elementor-element-5273755 e-flex e-con-boxed e-con e-parent\" data-id=\"5273755\" data-element_type=\"container\">\n\t\t\t\t\t<div class=\"e-con-inner\">\n\t\t\t\t<div class=\"elementor-element elementor-element-d838dfb elementor-widget elementor-widget-heading\" data-id=\"d838dfb\" data-element_type=\"widget\" data-widget_type=\"heading.default\">\n\t\t\t\t<div class=\"elementor-widget-container\">\n\t\t\t<h2 class=\"elementor-heading-title elementor-size-default\">Musiktour 2021<\/h2>\t\t<\/div>\n\t\t\t\t<\/div>\n\t\t\t\t<div class=\"elementor-element elementor-element-f65c9bd elementor-widget elementor-widget-text-editor\" data-id=\"f65c9bd\" data-element_type=\"widget\" data-widget_type=\"text-editor.default\">\n\t\t\t\t<div class=\"elementor-widget-container\">\n\t\t\t\t\t\t\t<p><span style=\"text-align: var(--text-align); color: var(--bodycolor); font-family: var(--bodyFont);\">Lange Zeit war aufgrund Abstandsregeln und Personenzahlbeschr\u00e4nkungen ein Musizieren im Gro\u00dfen Orchester nicht m\u00f6glich. Um auch w\u00e4hrend dieser Zeit die Motivation der Musikerinnen und Musiker aufrecht zu erhalten, wurde viel in Ensembles geprobt und musiziert.\u00a0<\/span><\/p><p>Im September 2021 pr\u00e4sentierten die Musikerinnen und Musiker die Ergebnisse ihrer Probenarbeit im Rahmen einer &#8220;Musiktour&#8221; rund und auf den Basaltkegel.\u00a0<\/p>\t\t\t\t\t\t<\/div>\n\t\t\t\t<\/div>\n\t\t\t\t\t<\/div>\n\t\t\t\t<\/div>\n\t\t<div class=\"elementor-element elementor-element-9ebf76f e-flex e-con-boxed e-con e-parent\" data-id=\"9ebf76f\" data-element_type=\"container\">\n\t\t\t\t\t<div class=\"e-con-inner\">\n\t\t<div class=\"elementor-element elementor-element-34e2aab e-con-full e-flex e-con e-child\" data-id=\"34e2aab\" data-element_type=\"container\">\n\t\t\t\t<div class=\"elementor-element elementor-element-f550164 elementor-widget elementor-widget-image\" data-id=\"f550164\" data-element_type=\"widget\" data-widget_type=\"image.default\">\n\t\t\t\t<div class=\"elementor-widget-container\">\n\t\t\t\t\t\t\t\t\t\t<figure class=\"wp-caption\">\n\t\t\t\t\t\t\t\t\t\t\t<a href=\"https:\/\/jugendblaskapelle-parkstein.de\/wp-content\/uploads\/2024\/04\/DSC_1426.jpg\" data-elementor-open-lightbox=\"yes\" data-elementor-lightbox-title=\"DSC_1426\" data-e-action-hash=\"#elementor-action%3Aaction%3Dlightbox%26settings%3DeyJpZCI6NTMwMiwidXJsIjoiaHR0cHM6XC9cL2p1Z2VuZGJsYXNrYXBlbGxlLXBhcmtzdGVpbi5kZVwvd3AtY29udGVudFwvdXBsb2Fkc1wvMjAyNFwvMDRcL0RTQ18xNDI2LmpwZyJ9\">\n\t\t\t\t\t\t\t<img loading=\"lazy\" decoding=\"async\" width=\"640\" height=\"428\" src=\"https:\/\/jugendblaskapelle-parkstein.de\/wp-content\/uploads\/2024\/04\/DSC_1426-1024x684.jpg\" class=\"attachment-large size-large wp-image-5302\" alt=\"\" srcset=\"https:\/\/jugendblaskapelle-parkstein.de\/wp-content\/uploads\/2024\/04\/DSC_1426-1024x684.jpg 1024w, https:\/\/jugendblaskapelle-parkstein.de\/wp-content\/uploads\/2024\/04\/DSC_1426-300x200.jpg 300w, https:\/\/jugendblaskapelle-parkstein.de\/wp-content\/uploads\/2024\/04\/DSC_1426-768x513.jpg 768w, https:\/\/jugendblaskapelle-parkstein.de\/wp-content\/uploads\/2024\/04\/DSC_1426-1536x1025.jpg 1536w, https:\/\/jugendblaskapelle-parkstein.de\/wp-content\/uploads\/2024\/04\/DSC_1426-2048x1367.jpg 2048w\" sizes=\"(max-width: 640px) 100vw, 640px\" \/>\t\t\t\t\t\t\t\t<\/a>\n\t\t\t\t\t\t\t\t\t\t\t<figcaption class=\"widget-image-caption wp-caption-text\">Blechbl\u00e4ser am Schloss<\/figcaption>\n\t\t\t\t\t\t\t\t\t\t<\/figure>\n\t\t\t\t\t\t\t<\/div>\n\t\t\t\t<\/div>\n\t\t\t\t<\/div>\n\t\t<div class=\"elementor-element elementor-element-f2681ab e-con-full e-flex e-con e-child\" data-id=\"f2681ab\" data-element_type=\"container\">\n\t\t\t\t<div class=\"elementor-element elementor-element-aabee16 elementor-widget elementor-widget-image\" data-id=\"aabee16\" data-element_type=\"widget\" data-widget_type=\"image.default\">\n\t\t\t\t<div class=\"elementor-widget-container\">\n\t\t\t\t\t\t\t\t\t\t<figure class=\"wp-caption\">\n\t\t\t\t\t\t\t\t\t\t\t<a href=\"https:\/\/jugendblaskapelle-parkstein.de\/wp-content\/uploads\/2024\/04\/DSC_1450.jpg\" data-elementor-open-lightbox=\"yes\" data-elementor-lightbox-title=\"DSC_1450\" data-e-action-hash=\"#elementor-action%3Aaction%3Dlightbox%26settings%3DeyJpZCI6NTMwMywidXJsIjoiaHR0cHM6XC9cL2p1Z2VuZGJsYXNrYXBlbGxlLXBhcmtzdGVpbi5kZVwvd3AtY29udGVudFwvdXBsb2Fkc1wvMjAyNFwvMDRcL0RTQ18xNDUwLmpwZyJ9\">\n\t\t\t\t\t\t\t<img loading=\"lazy\" decoding=\"async\" width=\"640\" height=\"428\" src=\"https:\/\/jugendblaskapelle-parkstein.de\/wp-content\/uploads\/2024\/04\/DSC_1450-1024x684.jpg\" class=\"attachment-large size-large wp-image-5303\" alt=\"\" srcset=\"https:\/\/jugendblaskapelle-parkstein.de\/wp-content\/uploads\/2024\/04\/DSC_1450-1024x684.jpg 1024w, https:\/\/jugendblaskapelle-parkstein.de\/wp-content\/uploads\/2024\/04\/DSC_1450-300x200.jpg 300w, https:\/\/jugendblaskapelle-parkstein.de\/wp-content\/uploads\/2024\/04\/DSC_1450-768x513.jpg 768w, https:\/\/jugendblaskapelle-parkstein.de\/wp-content\/uploads\/2024\/04\/DSC_1450-1536x1025.jpg 1536w, https:\/\/jugendblaskapelle-parkstein.de\/wp-content\/uploads\/2024\/04\/DSC_1450-2048x1367.jpg 2048w\" sizes=\"(max-width: 640px) 100vw, 640px\" \/>\t\t\t\t\t\t\t\t<\/a>\n\t\t\t\t\t\t\t\t\t\t\t<figcaption class=\"widget-image-caption wp-caption-text\">Tiefblech am Strau\u00df-Denkmal<\/figcaption>\n\t\t\t\t\t\t\t\t\t\t<\/figure>\n\t\t\t\t\t\t\t<\/div>\n\t\t\t\t<\/div>\n\t\t\t\t<\/div>\n\t\t<div class=\"elementor-element elementor-element-ebacec5 e-con-full e-flex e-con e-child\" data-id=\"ebacec5\" data-element_type=\"container\">\n\t\t\t\t<div class=\"elementor-element elementor-element-4b63c4d elementor-widget elementor-widget-image\" data-id=\"4b63c4d\" data-element_type=\"widget\" data-widget_type=\"image.default\">\n\t\t\t\t<div class=\"elementor-widget-container\">\n\t\t\t\t\t\t\t\t\t\t<figure class=\"wp-caption\">\n\t\t\t\t\t\t\t\t\t\t<img loading=\"lazy\" decoding=\"async\" width=\"640\" height=\"428\" src=\"https:\/\/jugendblaskapelle-parkstein.de\/wp-content\/uploads\/2024\/04\/DSC_1461-1024x684.jpg\" class=\"attachment-large size-large wp-image-5304\" alt=\"\" srcset=\"https:\/\/jugendblaskapelle-parkstein.de\/wp-content\/uploads\/2024\/04\/DSC_1461-1024x684.jpg 1024w, https:\/\/jugendblaskapelle-parkstein.de\/wp-content\/uploads\/2024\/04\/DSC_1461-300x200.jpg 300w, https:\/\/jugendblaskapelle-parkstein.de\/wp-content\/uploads\/2024\/04\/DSC_1461-768x513.jpg 768w, https:\/\/jugendblaskapelle-parkstein.de\/wp-content\/uploads\/2024\/04\/DSC_1461-1536x1025.jpg 1536w, https:\/\/jugendblaskapelle-parkstein.de\/wp-content\/uploads\/2024\/04\/DSC_1461-2048x1367.jpg 2048w\" sizes=\"(max-width: 640px) 100vw, 640px\" \/>\t\t\t\t\t\t\t\t\t\t\t<figcaption class=\"widget-image-caption wp-caption-text\">B\u00f6hmische Besetzung an der Basaltwand<\/figcaption>\n\t\t\t\t\t\t\t\t\t\t<\/figure>\n\t\t\t\t\t\t\t<\/div>\n\t\t\t\t<\/div>\n\t\t\t\t<\/div>\n\t\t<div class=\"elementor-element elementor-element-eb51c7e e-con-full e-flex e-con e-child\" data-id=\"eb51c7e\" data-element_type=\"container\">\n\t\t\t\t<div class=\"elementor-element elementor-element-b21c4a7 elementor-widget elementor-widget-image\" data-id=\"b21c4a7\" data-element_type=\"widget\" data-widget_type=\"image.default\">\n\t\t\t\t<div class=\"elementor-widget-container\">\n\t\t\t\t\t\t\t\t\t\t<figure class=\"wp-caption\">\n\t\t\t\t\t\t\t\t\t\t\t<a href=\"https:\/\/jugendblaskapelle-parkstein.de\/wp-content\/uploads\/2024\/04\/DSC_1471.jpg\" data-elementor-open-lightbox=\"yes\" data-elementor-lightbox-title=\"DSC_1471\" data-e-action-hash=\"#elementor-action%3Aaction%3Dlightbox%26settings%3DeyJpZCI6NTMwNSwidXJsIjoiaHR0cHM6XC9cL2p1Z2VuZGJsYXNrYXBlbGxlLXBhcmtzdGVpbi5kZVwvd3AtY29udGVudFwvdXBsb2Fkc1wvMjAyNFwvMDRcL0RTQ18xNDcxLmpwZyJ9\">\n\t\t\t\t\t\t\t<img loading=\"lazy\" decoding=\"async\" width=\"640\" height=\"428\" src=\"https:\/\/jugendblaskapelle-parkstein.de\/wp-content\/uploads\/2024\/04\/DSC_1471-1024x684.jpg\" class=\"attachment-large size-large wp-image-5305\" alt=\"\" srcset=\"https:\/\/jugendblaskapelle-parkstein.de\/wp-content\/uploads\/2024\/04\/DSC_1471-1024x684.jpg 1024w, https:\/\/jugendblaskapelle-parkstein.de\/wp-content\/uploads\/2024\/04\/DSC_1471-300x200.jpg 300w, https:\/\/jugendblaskapelle-parkstein.de\/wp-content\/uploads\/2024\/04\/DSC_1471-768x513.jpg 768w, https:\/\/jugendblaskapelle-parkstein.de\/wp-content\/uploads\/2024\/04\/DSC_1471-1536x1025.jpg 1536w, https:\/\/jugendblaskapelle-parkstein.de\/wp-content\/uploads\/2024\/04\/DSC_1471-2048x1367.jpg 2048w\" sizes=\"(max-width: 640px) 100vw, 640px\" \/>\t\t\t\t\t\t\t\t<\/a>\n\t\t\t\t\t\t\t\t\t\t\t<figcaption class=\"widget-image-caption wp-caption-text\">Holzbl\u00e4serensemble im Burghof<\/figcaption>\n\t\t\t\t\t\t\t\t\t\t<\/figure>\n\t\t\t\t\t\t\t<\/div>\n\t\t\t\t<\/div>\n\t\t\t\t<\/div>\n\t\t<div class=\"elementor-element elementor-element-99ebef3 e-con-full e-flex e-con e-child\" data-id=\"99ebef3\" data-element_type=\"container\">\n\t\t\t\t<div class=\"elementor-element elementor-element-1fa472f elementor-widget elementor-widget-image\" data-id=\"1fa472f\" data-element_type=\"widget\" data-widget_type=\"image.default\">\n\t\t\t\t<div class=\"elementor-widget-container\">\n\t\t\t\t\t\t\t\t\t\t<figure class=\"wp-caption\">\n\t\t\t\t\t\t\t\t\t\t\t<a href=\"https:\/\/jugendblaskapelle-parkstein.de\/wp-content\/uploads\/2024\/04\/DSC_1477.jpg\" data-elementor-open-lightbox=\"yes\" data-elementor-lightbox-title=\"DSC_1477\" data-e-action-hash=\"#elementor-action%3Aaction%3Dlightbox%26settings%3DeyJpZCI6NTMwNiwidXJsIjoiaHR0cHM6XC9cL2p1Z2VuZGJsYXNrYXBlbGxlLXBhcmtzdGVpbi5kZVwvd3AtY29udGVudFwvdXBsb2Fkc1wvMjAyNFwvMDRcL0RTQ18xNDc3LmpwZyJ9\">\n\t\t\t\t\t\t\t<img loading=\"lazy\" decoding=\"async\" width=\"640\" height=\"428\" src=\"https:\/\/jugendblaskapelle-parkstein.de\/wp-content\/uploads\/2024\/04\/DSC_1477-1024x684.jpg\" class=\"attachment-large size-large wp-image-5306\" alt=\"\" srcset=\"https:\/\/jugendblaskapelle-parkstein.de\/wp-content\/uploads\/2024\/04\/DSC_1477-1024x684.jpg 1024w, https:\/\/jugendblaskapelle-parkstein.de\/wp-content\/uploads\/2024\/04\/DSC_1477-300x200.jpg 300w, https:\/\/jugendblaskapelle-parkstein.de\/wp-content\/uploads\/2024\/04\/DSC_1477-768x513.jpg 768w, https:\/\/jugendblaskapelle-parkstein.de\/wp-content\/uploads\/2024\/04\/DSC_1477-1536x1025.jpg 1536w, https:\/\/jugendblaskapelle-parkstein.de\/wp-content\/uploads\/2024\/04\/DSC_1477-2048x1367.jpg 2048w\" sizes=\"(max-width: 640px) 100vw, 640px\" \/>\t\t\t\t\t\t\t\t<\/a>\n\t\t\t\t\t\t\t\t\t\t\t<figcaption class=\"widget-image-caption wp-caption-text\">Trompeten an der Bergkirche<\/figcaption>\n\t\t\t\t\t\t\t\t\t\t<\/figure>\n\t\t\t\t\t\t\t<\/div>\n\t\t\t\t<\/div>\n\t\t\t\t<\/div>\n\t\t<div class=\"elementor-element elementor-element-56517e4 e-con-full e-flex e-con e-child\" data-id=\"56517e4\" data-element_type=\"container\">\n\t\t\t\t<div class=\"elementor-element elementor-element-5117324 elementor-widget elementor-widget-image\" data-id=\"5117324\" data-element_type=\"widget\" data-widget_type=\"image.default\">\n\t\t\t\t<div class=\"elementor-widget-container\">\n\t\t\t\t\t\t\t\t\t\t<figure class=\"wp-caption\">\n\t\t\t\t\t\t\t\t\t\t<img loading=\"lazy\" decoding=\"async\" width=\"640\" height=\"428\" src=\"https:\/\/jugendblaskapelle-parkstein.de\/wp-content\/uploads\/2024\/04\/DSC_1486-1-1024x684.jpg\" class=\"attachment-large size-large wp-image-5307\" alt=\"\" srcset=\"https:\/\/jugendblaskapelle-parkstein.de\/wp-content\/uploads\/2024\/04\/DSC_1486-1-1024x684.jpg 1024w, https:\/\/jugendblaskapelle-parkstein.de\/wp-content\/uploads\/2024\/04\/DSC_1486-1-300x200.jpg 300w, https:\/\/jugendblaskapelle-parkstein.de\/wp-content\/uploads\/2024\/04\/DSC_1486-1-768x513.jpg 768w, https:\/\/jugendblaskapelle-parkstein.de\/wp-content\/uploads\/2024\/04\/DSC_1486-1-1536x1025.jpg 1536w, https:\/\/jugendblaskapelle-parkstein.de\/wp-content\/uploads\/2024\/04\/DSC_1486-1-2048x1367.jpg 2048w\" sizes=\"(max-width: 640px) 100vw, 640px\" \/>\t\t\t\t\t\t\t\t\t\t\t<figcaption class=\"widget-image-caption wp-caption-text\">Kleines Orchester beim Jugendheim<\/figcaption>\n\t\t\t\t\t\t\t\t\t\t<\/figure>\n\t\t\t\t\t\t\t<\/div>\n\t\t\t\t<\/div>\n\t\t\t\t<\/div>\n\t\t\t\t\t<\/div>\n\t\t\t\t<\/div>\n\t\t\t\t<\/div>\n\t\t","protected":false},"excerpt":{"rendered":"<p>Ensemblearbeit Neben der Arbeit im Gro\u00dfen Orchester, der Jugendblaskapelle, f\u00f6rdert der Verein auch das Musizieren im kleineren Ensembles. Die Ensembles sind bei besonderen Anl\u00e4ssen (kirchliche Trauungen, Neujahrsanschie\u00dfen, usw.) aktiv und&#8230;<\/p>\n","protected":false},"author":1,"featured_media":0,"parent":0,"menu_order":0,"comment_status":"closed","ping_status":"closed","template":"","meta":{"ngg_post_thumbnail":0,"footnotes":""},"class_list":["post-5298","page","type-page","status-publish","hentry"],"_links":{"self":[{"href":"https:\/\/jugendblaskapelle-parkstein.de\/index.php\/wp-json\/wp\/v2\/pages\/5298","targetHints":{"allow":["GET"]}}],"collection":[{"href":"https:\/\/jugendblaskapelle-parkstein.de\/index.php\/wp-json\/wp\/v2\/pages"}],"about":[{"href":"https:\/\/jugendblaskapelle-parkstein.de\/index.php\/wp-json\/wp\/v2\/types\/page"}],"author":[{"embeddable":true,"href":"https:\/\/jugendblaskapelle-parkstein.de\/index.php\/wp-json\/wp\/v2\/users\/1"}],"replies":[{"embeddable":true,"href":"https:\/\/jugendblaskapelle-parkstein.de\/index.php\/wp-json\/wp\/v2\/comments?post=5298"}],"version-history":[{"count":14,"href":"https:\/\/jugendblaskapelle-parkstein.de\/index.php\/wp-json\/wp\/v2\/pages\/5298\/revisions"}],"predecessor-version":[{"id":5591,"href":"https:\/\/jugendblaskapelle-parkstein.de\/index.php\/wp-json\/wp\/v2\/pages\/5298\/revisions\/5591"}],"wp:attachment":[{"href":"https:\/\/jugendblaskapelle-parkstein.de\/index.php\/wp-json\/wp\/v2\/media?parent=5298"}],"curies":[{"name":"wp","href":"https:\/\/api.w.org\/{rel}","templated":true}]}}